{"id":364,"date":"2021-07-28T12:35:18","date_gmt":"2021-07-28T11:35:18","guid":{"rendered":"http:\/\/cazorlaeduca.es\/?page_id=364"},"modified":"2021-08-25T11:07:39","modified_gmt":"2021-08-25T10:07:39","slug":"a-lomos","status":"publish","type":"page","link":"https:\/\/cazorlaeduca.es\/index.php\/educazorlateatro\/programacion\/a-lomos\/","title":{"rendered":"A Lomos de un Viento de Cristal"},"content":{"rendered":"\t\t<div data-elementor-type=\"wp-page\" data-elementor-id=\"364\" class=\"elementor elementor-364\" data-elementor-settings=\"[]\">\n\t\t\t\t\t\t\t<div class=\"elementor-section-wrap\">\n\t\t\t\t\t\t\t<section class=\"elementor-section elementor-top-section elementor-element elementor-element-7b2aeb elementor-section-boxed elementor-section-height-default elementor-section-height-default\" data-id=\"7b2aeb\" data-element_type=\"section\">\n\t\t\t\t\t\t<div class=\"elementor-container elementor-column-gap-default\">\n\t\t\t\t\t<div class=\"elementor-column elementor-col-100 elementor-top-column elementor-element elementor-element-6acb9b5b\" data-id=\"6acb9b5b\" data-element_type=\"column\">\n\t\t\t<div class=\"elementor-widget-wrap elementor-element-populated\">\n\t\t\t\t\t\t\t\t<div class=\"elementor-element elementor-element-4641462 elementor-widget elementor-widget-html\" data-id=\"4641462\" data-element_type=\"widget\" data-widget_type=\"html.default\">\n\t\t\t\t<div class=\"elementor-widget-container\">\n\t\t\t<center>\n    <img src = \"https:\/\/www.cazorlaeduca.es\/wp-content\/uploads\/2021\/07\/Carteles-A-Lomos-web.jpg\" width = 229\n<\/center>\t\t<\/div>\n\t\t\t\t<\/div>\n\t\t\t\t<div class=\"elementor-element elementor-element-5061bf13 elementor-widget elementor-widget-text-editor\" data-id=\"5061bf13\" data-element_type=\"widget\" data-widget_type=\"text-editor.default\">\n\t\t\t\t<div class=\"elementor-widget-container\">\n\t\t\t\t\t\t\t\t<!-- wp:paragraph {\"align\":\"center\"} -->\n<p class=\"has-text-align-center\">SINOPSIS<\/p>\n<!-- \/wp:paragraph -->\n\n<!-- wp:paragraph {\"align\":\"left\"} -->\n<p class=\"has-text-align-left\">-&#8216;Antes de &#8216;, &#8216;durante&#8217; y &#8216;despu\u00e9s de&#8217;- Tal que as\u00ed se plantean los 3 cuadros de esta recreaci\u00f3n de textos elegidos* de Federico Garc\u00eda Lorca ensamblado por otros propios de Xt\u00f3bal.<\/p>\n<!-- \/wp:paragraph -->\n\n<!-- wp:paragraph -->\n<p>Un espacio surrealista donde la mujer coge todo el protagonismo, siempre como contrapunto al hombre. &#8216;La del 7\u00ba&#8217;,  &#8216;La de la sonrisa diagonal&#8217; y  &#8216;La del reloj estropeado&#8217; (espacio, f\u00edsico y tiempo), se postulan, inmersas en un tiempo imaginario, frente a sus ilusiones, a su presente y su futuro. Sus vidas est\u00e1n orientadas por las directrices de una sociedad en la que ellas sienten la vida desde la ventana, realmente sin poder desarrollar sus sue\u00f1os. Pero en cada una de ellas hay una rebelde que, a su manera, plantar\u00e1 cara al destino. Simb\u00f3licamente, en la poes\u00eda y el teatro de Federico Garc\u00eda Lorca, el caballo sugiere la vida. Es la pasi\u00f3n y la sensualidad, pero tambi\u00e9n significa destrucci\u00f3n y est\u00e1 relacionado literariamente con la muerte, el hombre y su sombra. Los textos que componen parte de esta obra fueron elegidos desde esta perspectiva y para satisfacer este concepto. Estamos en presencia del Lorca m\u00e1s controvertido y donde las palabras describen un teatro siempre on\u00edrico, personal y rabiosamente contempor\u00e1neo. El teatro bajo la arena. <\/p>\n<!-- \/wp:paragraph -->\n\n<!-- wp:paragraph -->\n<p>*Yerma, Do\u00f1a Rosita, El p\u00fablico, Bodas de Sangre, Mariana Pineda entre otros&#8230;<\/p>\n<!-- \/wp:paragraph -->\t\t\t\t\t\t<\/div>\n\t\t\t\t<\/div>\n\t\t\t\t\t<\/div>\n\t\t<\/div>\n\t\t\t\t\t\t\t<\/div>\n\t\t<\/section>\n\t\t\t\t<section class=\"elementor-section elementor-top-section elementor-element elementor-element-48dbcfc elementor-section-boxed elementor-section-height-default elementor-section-height-default\" data-id=\"48dbcfc\" data-element_type=\"section\">\n\t\t\t\t\t\t<div class=\"elementor-container elementor-column-gap-default\">\n\t\t\t\t\t<div class=\"elementor-column elementor-col-100 elementor-top-column elementor-element elementor-element-53f80f5\" data-id=\"53f80f5\" data-element_type=\"column\">\n\t\t\t<div class=\"elementor-widget-wrap elementor-element-populated\">\n\t\t\t\t\t\t\t\t<div class=\"elementor-element elementor-element-6f8946e elementor-widget elementor-widget-html\" data-id=\"6f8946e\" data-element_type=\"widget\" data-widget_type=\"html.default\">\n\t\t\t\t<div class=\"elementor-widget-container\">\n\t\t\t<a style = \"color:#D80909;font-size:20px;font-weight:bold\" href = \"https:\/\/www.cazorlaeduca.es\/index.php\/sample-page\/educazorlateatro\/calendario?format=list&mcat=1&cid=my-calendar&month=4&yr=2022\"> Pr\u00f3ximas Fechas <\/a>\n&nbsp; &nbsp;\n<a style = \"color:#D80909;font-size:20px;font-weight:bold\" target = \"_blank\" href = \"https:\/\/www.cazorlaeduca.es\/wp-content\/uploads\/2021\/08\/A-lomos-de-un-viento-de-cristal-guia-didactica.pdf\"> Gu\u00eda Did\u00e1ctica<\/a>\n&nbsp; &nbsp;\n<a style = \"color:#D80909;font-size:20px;font-weight:bold\" href = \"https:\/\/www.cazorlaeduca.es\/index.php\/medidas\">\n    Medidas COVID 19\n<\/a>\n\t\t<\/div>\n\t\t\t\t<\/div>\n\t\t\t\t\t<\/div>\n\t\t<\/div>\n\t\t\t\t\t\t\t<\/div>\n\t\t<\/section>\n\t\t\t\t<section class=\"elementor-section elementor-top-section elementor-element elementor-element-5bce017 elementor-section-boxed elementor-section-height-default elementor-section-height-default\" data-id=\"5bce017\" data-element_type=\"section\">\n\t\t\t\t\t\t<div class=\"elementor-container elementor-column-gap-default\">\n\t\t\t\t\t<div class=\"elementor-column elementor-col-100 elementor-top-column elementor-element elementor-element-762c350\" data-id=\"762c350\" data-element_type=\"column\">\n\t\t\t<div class=\"elementor-widget-wrap elementor-element-populated\">\n\t\t\t\t\t\t\t\t<div class=\"elementor-element elementor-element-eaee7f8 elementor-widget elementor-widget-wp-widget-media_gallery\" data-id=\"eaee7f8\" data-element_type=\"widget\" data-widget_type=\"wp-widget-media_gallery.default\">\n\t\t\t\t<div class=\"elementor-widget-container\">\n\t\t\t<h5>Algunas Fotos de la Obra<\/h5><div data-carousel-extra='{\"blog_id\":1,\"permalink\":\"https:\\\/\\\/cazorlaeduca.es\\\/index.php\\\/educazorlateatro\\\/programacion\\\/a-lomos\\\/\"}' id='gallery-1' class='gallery galleryid-364 gallery-columns-3 gallery-size-thumbnail'><figure class='gallery-item'>\n\t\t\t<div class='gallery-icon landscape'>\n\t\t\t\t<a data-elementor-open-lightbox=\"yes\" data-elementor-lightbox-slideshow=\"eaee7f8\" data-elementor-lightbox-title=\"A lomos de un viento de cristal - marzo 21 - by EX (2)\" href='https:\/\/cazorlaeduca.es\/a-lomos-de-un-viento-de-cristal-marzo-21-by-ex-2\/'><img data-attachment-id=\"724\" data-orig-file=\"https:\/\/cazorlaeduca.es\/wp-content\/uploads\/2021\/08\/A-lomos-de-un-viento-de-cristal-marzo-21-by-EX-2.jpg\" data-orig-size=\"1180,854\" data-comments-opened=\"1\" data-image-meta=\"{&quot;aperture&quot;:&quot;0&quot;,&quot;credit&quot;:&quot;&quot;,&quot;camera&quot;:&quot;&quot;,&quot;caption&quot;:&quot;&quot;,&quot;created_timestamp&quot;:&quot;0&quot;,&quot;copyright&quot;:&quot;&quot;,&quot;focal_length&quot;:&quot;0&quot;,&quot;iso&quot;:&quot;0&quot;,&quot;shutter_speed&quot;:&quot;0&quot;,&quot;title&quot;:&quot;&quot;,&quot;orientation&quot;:&quot;1&quot;}\" data-image-title=\"A lomos de un viento de cristal &#8211; marzo 21 &#8211; by EX (2)\" data-image-description=\"\" data-medium-file=\"https:\/\/cazorlaeduca.es\/wp-content\/uploads\/2021\/08\/A-lomos-de-un-viento-de-cristal-marzo-21-by-EX-2-300x217.jpg\" data-large-file=\"https:\/\/cazorlaeduca.es\/wp-content\/uploads\/2021\/08\/A-lomos-de-un-viento-de-cristal-marzo-21-by-EX-2-1024x741.jpg\" title=\"A lomos de un viento de cristal &#8211; marzo 21 &#8211; by EX (2)\" width=\"150\" height=\"150\" src=\"https:\/\/cazorlaeduca.es\/wp-content\/uploads\/2021\/08\/A-lomos-de-un-viento-de-cristal-marzo-21-by-EX-2-150x150.jpg\" class=\"attachment-thumbnail size-thumbnail\" alt=\"\" loading=\"lazy\" srcset=\"https:\/\/cazorlaeduca.es\/wp-content\/uploads\/2021\/08\/A-lomos-de-un-viento-de-cristal-marzo-21-by-EX-2-150x150.jpg 150w, https:\/\/cazorlaeduca.es\/wp-content\/uploads\/2021\/08\/A-lomos-de-un-viento-de-cristal-marzo-21-by-EX-2-640x640.jpg 640w, https:\/\/cazorlaeduca.es\/wp-content\/uploads\/2021\/08\/A-lomos-de-un-viento-de-cristal-marzo-21-by-EX-2-100x100.jpg 100w, https:\/\/cazorlaeduca.es\/wp-content\/uploads\/2021\/08\/A-lomos-de-un-viento-de-cristal-marzo-21-by-EX-2-50x50.jpg 50w\" sizes=\"100vw\" \/><\/a>\n\t\t\t<\/div><\/figure><figure class='gallery-item'>\n\t\t\t<div class='gallery-icon portrait'>\n\t\t\t\t<a data-elementor-open-lightbox=\"yes\" data-elementor-lightbox-slideshow=\"eaee7f8\" data-elementor-lightbox-title=\"A lomos de un viento de cristal - marzo 21 - by EX (3)\" href='https:\/\/cazorlaeduca.es\/a-lomos-de-un-viento-de-cristal-marzo-21-by-ex-3\/'><img data-attachment-id=\"725\" data-orig-file=\"https:\/\/cazorlaeduca.es\/wp-content\/uploads\/2021\/08\/A-lomos-de-un-viento-de-cristal-marzo-21-by-EX-3.jpg\" data-orig-size=\"811,1180\" data-comments-opened=\"1\" data-image-meta=\"{&quot;aperture&quot;:&quot;0&quot;,&quot;credit&quot;:&quot;&quot;,&quot;camera&quot;:&quot;&quot;,&quot;caption&quot;:&quot;&quot;,&quot;created_timestamp&quot;:&quot;0&quot;,&quot;copyright&quot;:&quot;&quot;,&quot;focal_length&quot;:&quot;0&quot;,&quot;iso&quot;:&quot;0&quot;,&quot;shutter_speed&quot;:&quot;0&quot;,&quot;title&quot;:&quot;&quot;,&quot;orientation&quot;:&quot;1&quot;}\" data-image-title=\"A lomos de un viento de cristal &#8211; marzo 21 &#8211; by EX (3)\" data-image-description=\"\" data-medium-file=\"https:\/\/cazorlaeduca.es\/wp-content\/uploads\/2021\/08\/A-lomos-de-un-viento-de-cristal-marzo-21-by-EX-3-206x300.jpg\" data-large-file=\"https:\/\/cazorlaeduca.es\/wp-content\/uploads\/2021\/08\/A-lomos-de-un-viento-de-cristal-marzo-21-by-EX-3-704x1024.jpg\" title=\"A lomos de un viento de cristal &#8211; marzo 21 &#8211; by EX (3)\" width=\"150\" height=\"150\" src=\"https:\/\/cazorlaeduca.es\/wp-content\/uploads\/2021\/08\/A-lomos-de-un-viento-de-cristal-marzo-21-by-EX-3-150x150.jpg\" class=\"attachment-thumbnail size-thumbnail\" alt=\"\" loading=\"lazy\" srcset=\"https:\/\/cazorlaeduca.es\/wp-content\/uploads\/2021\/08\/A-lomos-de-un-viento-de-cristal-marzo-21-by-EX-3-150x150.jpg 150w, https:\/\/cazorlaeduca.es\/wp-content\/uploads\/2021\/08\/A-lomos-de-un-viento-de-cristal-marzo-21-by-EX-3-640x640.jpg 640w, https:\/\/cazorlaeduca.es\/wp-content\/uploads\/2021\/08\/A-lomos-de-un-viento-de-cristal-marzo-21-by-EX-3-100x100.jpg 100w, https:\/\/cazorlaeduca.es\/wp-content\/uploads\/2021\/08\/A-lomos-de-un-viento-de-cristal-marzo-21-by-EX-3-50x50.jpg 50w\" sizes=\"100vw\" \/><\/a>\n\t\t\t<\/div><\/figure><figure class='gallery-item'>\n\t\t\t<div class='gallery-icon portrait'>\n\t\t\t\t<a data-elementor-open-lightbox=\"yes\" data-elementor-lightbox-slideshow=\"eaee7f8\" data-elementor-lightbox-title=\"A lomos de un viento de cristal - marzo 21 - by EX (4)\" href='https:\/\/cazorlaeduca.es\/a-lomos-de-un-viento-de-cristal-marzo-21-by-ex-4\/'><img data-attachment-id=\"726\" data-orig-file=\"https:\/\/cazorlaeduca.es\/wp-content\/uploads\/2021\/08\/A-lomos-de-un-viento-de-cristal-marzo-21-by-EX-4.jpg\" data-orig-size=\"1051,1180\" data-comments-opened=\"1\" data-image-meta=\"{&quot;aperture&quot;:&quot;0&quot;,&quot;credit&quot;:&quot;&quot;,&quot;camera&quot;:&quot;&quot;,&quot;caption&quot;:&quot;&quot;,&quot;created_timestamp&quot;:&quot;0&quot;,&quot;copyright&quot;:&quot;&quot;,&quot;focal_length&quot;:&quot;0&quot;,&quot;iso&quot;:&quot;0&quot;,&quot;shutter_speed&quot;:&quot;0&quot;,&quot;title&quot;:&quot;&quot;,&quot;orientation&quot;:&quot;1&quot;}\" data-image-title=\"A lomos de un viento de cristal &#8211; marzo 21 &#8211; by EX (4)\" data-image-description=\"\" data-medium-file=\"https:\/\/cazorlaeduca.es\/wp-content\/uploads\/2021\/08\/A-lomos-de-un-viento-de-cristal-marzo-21-by-EX-4-267x300.jpg\" data-large-file=\"https:\/\/cazorlaeduca.es\/wp-content\/uploads\/2021\/08\/A-lomos-de-un-viento-de-cristal-marzo-21-by-EX-4-912x1024.jpg\" title=\"A lomos de un viento de cristal &#8211; marzo 21 &#8211; by EX (4)\" width=\"150\" height=\"150\" src=\"https:\/\/cazorlaeduca.es\/wp-content\/uploads\/2021\/08\/A-lomos-de-un-viento-de-cristal-marzo-21-by-EX-4-150x150.jpg\" class=\"attachment-thumbnail size-thumbnail\" alt=\"\" loading=\"lazy\" srcset=\"https:\/\/cazorlaeduca.es\/wp-content\/uploads\/2021\/08\/A-lomos-de-un-viento-de-cristal-marzo-21-by-EX-4-150x150.jpg 150w, https:\/\/cazorlaeduca.es\/wp-content\/uploads\/2021\/08\/A-lomos-de-un-viento-de-cristal-marzo-21-by-EX-4-640x640.jpg 640w, https:\/\/cazorlaeduca.es\/wp-content\/uploads\/2021\/08\/A-lomos-de-un-viento-de-cristal-marzo-21-by-EX-4-100x100.jpg 100w, https:\/\/cazorlaeduca.es\/wp-content\/uploads\/2021\/08\/A-lomos-de-un-viento-de-cristal-marzo-21-by-EX-4-50x50.jpg 50w\" sizes=\"100vw\" \/><\/a>\n\t\t\t<\/div><\/figure>\n\t\t<\/div>\n\t\t<\/div>\n\t\t\t\t<\/div>\n\t\t\t\t\t<\/div>\n\t\t<\/div>\n\t\t\t\t\t\t\t<\/div>\n\t\t<\/section>\n\t\t\t\t\t\t<\/div>\n\t\t\t\t\t<\/div>\n\t\t","protected":false},"excerpt":{"rendered":"","protected":false},"author":2,"featured_media":0,"parent":279,"menu_order":0,"comment_status":"closed","ping_status":"closed","template":"","meta":[],"_links":{"self":[{"href":"https:\/\/cazorlaeduca.es\/index.php\/wp-json\/wp\/v2\/pages\/364"}],"collection":[{"href":"https:\/\/cazorlaeduca.es\/index.php\/wp-json\/wp\/v2\/pages"}],"about":[{"href":"https:\/\/cazorlaeduca.es\/index.php\/wp-json\/wp\/v2\/types\/page"}],"author":[{"embeddable":true,"href":"https:\/\/cazorlaeduca.es\/index.php\/wp-json\/wp\/v2\/users\/2"}],"replies":[{"embeddable":true,"href":"https:\/\/cazorlaeduca.es\/index.php\/wp-json\/wp\/v2\/comments?post=364"}],"version-history":[{"count":41,"href":"https:\/\/cazorlaeduca.es\/index.php\/wp-json\/wp\/v2\/pages\/364\/revisions"}],"predecessor-version":[{"id":807,"href":"https:\/\/cazorlaeduca.es\/index.php\/wp-json\/wp\/v2\/pages\/364\/revisions\/807"}],"up":[{"embeddable":true,"href":"https:\/\/cazorlaeduca.es\/index.php\/wp-json\/wp\/v2\/pages\/279"}],"wp:attachment":[{"href":"https:\/\/cazorlaeduca.es\/index.php\/wp-json\/wp\/v2\/media?parent=364"}],"curies":[{"name":"wp","href":"https:\/\/api.w.org\/{rel}","templated":true}]}}